{"id":515,"date":"2024-04-23T15:38:29","date_gmt":"2024-04-23T20:38:29","guid":{"rendered":"https:\/\/upwyse.co\/mta\/?page_id=515"},"modified":"2025-06-09T10:59:27","modified_gmt":"2025-06-09T15:59:27","slug":"noticias","status":"publish","type":"page","link":"https:\/\/mtalegal.co\/en\/noticias\/","title":{"rendered":"News"},"content":{"rendered":"<div data-elementor-type=\"wp-page\" data-elementor-id=\"515\" class=\"elementor elementor-515\">\n\t\t\t\t<div class=\"elementor-element elementor-element-7d94ef6 e-flex e-con-boxed e-con e-parent\" data-id=\"7d94ef6\" data-element_type=\"container\" data-settings=\"{&quot;jet_parallax_layout_list&quot;:[]}\">\n\t\t\t\t\t<div class=\"e-con-inner\">\n\t\t<div class=\"jet-sticky-column elementor-element elementor-element-9dc45c9 e-con-full e-flex e-con e-child\" data-jet-settings=\"{&quot;id&quot;:&quot;9dc45c9&quot;,&quot;sticky&quot;:true,&quot;topSpacing&quot;:50,&quot;bottomSpacing&quot;:50,&quot;stickyOn&quot;:[&quot;desktop&quot;,&quot;tablet&quot;],&quot;behavior&quot;:&quot;default&quot;,&quot;zIndex&quot;:1100}\" data-id=\"9dc45c9\" data-element_type=\"container\" data-settings=\"{&quot;jet_parallax_layout_list&quot;:[],&quot;background_background&quot;:&quot;classic&quot;}\">\n\t\t<div class=\"elementor-element elementor-element-3c9f2f3 e-con-full e-flex e-con e-child\" data-id=\"3c9f2f3\" data-element_type=\"container\" data-settings=\"{&quot;background_background&quot;:&quot;classic&quot;,&quot;jet_parallax_layout_list&quot;:[]}\">\n\t\t\t\t<div class=\"elementor-element elementor-element-dc97a75 elementor-invisible elementor-widget elementor-widget-heading\" data-id=\"dc97a75\" data-element_type=\"widget\" data-settings=\"{&quot;_animation&quot;:&quot;fadeInUp&quot;}\" data-widget_type=\"heading.default\">\n\t\t\t\t<div class=\"elementor-widget-container\">\n\t\t\t\t\t<h1 class=\"elementor-heading-title elementor-size-default\">Of interest<\/h1>\t\t\t\t<\/div>\n\t\t\t\t<\/div>\n\t\t\t\t<div class=\"elementor-element elementor-element-e07fed1 elementor-widget-divider--view-line elementor-widget elementor-widget-divider\" data-id=\"e07fed1\" data-element_type=\"widget\" data-widget_type=\"divider.default\">\n\t\t\t\t<div class=\"elementor-widget-container\">\n\t\t\t\t\t\t\t<div class=\"elementor-divider\">\n\t\t\t<span class=\"elementor-divider-separator\">\n\t\t\t\t\t\t<\/span>\n\t\t<\/div>\n\t\t\t\t\t\t<\/div>\n\t\t\t\t<\/div>\n\t\t\t\t<div class=\"elementor-element elementor-element-8dfdd15 elementor-widget elementor-widget-text-editor\" data-id=\"8dfdd15\" data-element_type=\"widget\" data-widget_type=\"text-editor.default\">\n\t\t\t\t<div class=\"elementor-widget-container\">\n\t\t\t\t\t\t\t\t\t<p>Updated information about different legal matters in Colombia and the world.<\/p>\t\t\t\t\t\t\t\t<\/div>\n\t\t\t\t<\/div>\n\t\t\t\t<\/div>\n\t\t\t\t<\/div>\n\t\t<div class=\"elementor-element elementor-element-96eac32 e-con-full e-flex e-con e-child\" data-id=\"96eac32\" data-element_type=\"container\" data-settings=\"{&quot;jet_parallax_layout_list&quot;:[]}\">\n\t\t\t\t<div class=\"elementor-element elementor-element-21e07b8 elementor-widget elementor-widget-jet-listing-grid\" data-id=\"21e07b8\" data-element_type=\"widget\" data-settings=\"{&quot;columns&quot;:&quot;1&quot;}\" data-widget_type=\"jet-listing-grid.default\">\n\t\t\t\t<div class=\"elementor-widget-container\">\n\t\t\t\t\t<div class=\"jet-listing-grid jet-listing\"><div class=\"jet-listing-grid__items grid-col-desk-1 grid-col-tablet-1 grid-col-mobile-1 jet-listing-grid--460\" data-queried-id=\"515|WP_Post\" data-nav=\"{&quot;enabled&quot;:false,&quot;type&quot;:null,&quot;more_el&quot;:null,&quot;query&quot;:[],&quot;widget_settings&quot;:{&quot;lisitng_id&quot;:460,&quot;posts_num&quot;:6,&quot;columns&quot;:1,&quot;columns_tablet&quot;:1,&quot;columns_mobile&quot;:1,&quot;column_min_width&quot;:240,&quot;column_min_width_tablet&quot;:240,&quot;column_min_width_mobile&quot;:240,&quot;inline_columns_css&quot;:false,&quot;is_archive_template&quot;:&quot;&quot;,&quot;post_status&quot;:[&quot;publish&quot;],&quot;use_random_posts_num&quot;:&quot;&quot;,&quot;max_posts_num&quot;:9,&quot;not_found_message&quot;:&quot;No data was found&quot;,&quot;is_masonry&quot;:false,&quot;equal_columns_height&quot;:&quot;&quot;,&quot;use_load_more&quot;:&quot;&quot;,&quot;load_more_id&quot;:&quot;&quot;,&quot;load_more_type&quot;:&quot;click&quot;,&quot;load_more_offset&quot;:{&quot;unit&quot;:&quot;px&quot;,&quot;size&quot;:0,&quot;sizes&quot;:[]},&quot;use_custom_post_types&quot;:&quot;&quot;,&quot;custom_post_types&quot;:[],&quot;hide_widget_if&quot;:&quot;&quot;,&quot;carousel_enabled&quot;:&quot;&quot;,&quot;slides_to_scroll&quot;:&quot;1&quot;,&quot;arrows&quot;:&quot;true&quot;,&quot;arrow_icon&quot;:&quot;fa fa-angle-left&quot;,&quot;dots&quot;:&quot;&quot;,&quot;autoplay&quot;:&quot;true&quot;,&quot;pause_on_hover&quot;:&quot;true&quot;,&quot;autoplay_speed&quot;:5000,&quot;infinite&quot;:&quot;true&quot;,&quot;center_mode&quot;:&quot;&quot;,&quot;effect&quot;:&quot;slide&quot;,&quot;speed&quot;:500,&quot;inject_alternative_items&quot;:&quot;&quot;,&quot;injection_items&quot;:[],&quot;scroll_slider_enabled&quot;:&quot;&quot;,&quot;scroll_slider_on&quot;:[&quot;desktop&quot;,&quot;tablet&quot;,&quot;mobile&quot;],&quot;custom_query&quot;:false,&quot;custom_query_id&quot;:&quot;&quot;,&quot;_element_id&quot;:&quot;&quot;,&quot;collapse_first_last_gap&quot;:false,&quot;list_items_wrapper_tag&quot;:&quot;div&quot;,&quot;list_item_tag&quot;:&quot;div&quot;,&quot;empty_items_wrapper_tag&quot;:&quot;div&quot;}}\" data-page=\"1\" data-pages=\"3\" data-listing-source=\"posts\" data-listing-id=\"460\" data-query-id=\"\"><div class=\"jet-listing-grid__item jet-listing-dynamic-post-1396\" data-post-id=\"1396\" ><div class=\"jet-engine-listing-overlay-wrap\" data-url=\"https:\/\/mtalegal.co\/en\/su-empresa-esta-preparada-para-cumplir-con-las-nuevas-obligaciones-que-exigen-programas-de-restauracion-ecologica-y-siembra-de-arboles-en-colombia\/\">\t\t<div data-elementor-type=\"jet-listing-items\" data-elementor-id=\"460\" class=\"elementor elementor-460\">\n\t\t\t\t<div class=\"elementor-element elementor-element-6b8cdfa e-flex e-con-boxed e-con e-parent\" data-id=\"6b8cdfa\" data-element_type=\"container\" data-settings=\"{&quot;jet_parallax_layout_list&quot;:[]}\">\n\t\t\t\t\t<div class=\"e-con-inner\">\n\t\t<div class=\"elementor-element elementor-element-5d41255 e-con-full e-flex e-con e-child\" data-id=\"5d41255\" data-element_type=\"container\" data-settings=\"{&quot;jet_parallax_layout_list&quot;:[]}\">\n\t\t\t\t<div class=\"elementor-element elementor-element-652ff55 elementor-widget elementor-widget-image\" data-id=\"652ff55\" data-element_type=\"widget\" data-widget_type=\"image.default\">\n\t\t\t\t<div class=\"elementor-widget-container\">\n\t\t\t\t\t\t\t\t\t\t\t\t\t\t\t<img fetchpriority=\"high\" decoding=\"async\" width=\"1024\" height=\"683\" src=\"https:\/\/mtalegal.co\/wp-content\/uploads\/2026\/02\/two-men-planting-a-tree-and-wate-2026-01-08-02-22-33-utc-1024x683.jpg\" class=\"attachment-large size-large wp-image-1397\" alt=\"\" srcset=\"https:\/\/mtalegal.co\/wp-content\/uploads\/2026\/02\/two-men-planting-a-tree-and-wate-2026-01-08-02-22-33-utc-1024x683.jpg 1024w, https:\/\/mtalegal.co\/wp-content\/uploads\/2026\/02\/two-men-planting-a-tree-and-wate-2026-01-08-02-22-33-utc-300x200.jpg 300w, https:\/\/mtalegal.co\/wp-content\/uploads\/2026\/02\/two-men-planting-a-tree-and-wate-2026-01-08-02-22-33-utc-768x512.jpg 768w, https:\/\/mtalegal.co\/wp-content\/uploads\/2026\/02\/two-men-planting-a-tree-and-wate-2026-01-08-02-22-33-utc-1536x1024.jpg 1536w, https:\/\/mtalegal.co\/wp-content\/uploads\/2026\/02\/two-men-planting-a-tree-and-wate-2026-01-08-02-22-33-utc-2048x1366.jpg 2048w, https:\/\/mtalegal.co\/wp-content\/uploads\/2026\/02\/two-men-planting-a-tree-and-wate-2026-01-08-02-22-33-utc-18x12.jpg 18w\" sizes=\"(max-width: 1024px) 100vw, 1024px\" \/>\t\t\t\t\t\t\t\t\t\t\t\t\t\t\t<\/div>\n\t\t\t\t<\/div>\n\t\t\t\t<\/div>\n\t\t<div class=\"elementor-element elementor-element-721331b e-con-full e-flex e-con e-child\" data-id=\"721331b\" data-element_type=\"container\" data-settings=\"{&quot;jet_parallax_layout_list&quot;:[]}\">\n\t\t\t\t<div class=\"elementor-element elementor-element-d56ab7f elementor-widget elementor-widget-jet-listing-dynamic-meta\" data-id=\"d56ab7f\" data-element_type=\"widget\" data-widget_type=\"jet-listing-dynamic-meta.default\">\n\t\t\t\t<div class=\"elementor-widget-container\">\n\t\t\t\t\t<div class=\"jet-listing jet-listing-dynamic-meta meta-layout-inline\"><div class=\"jet-listing-dynamic-meta__date jet-listing-dynamic-meta__item\"><span class=\"jet-listing-dynamic-meta__item-val\"><time datetime=\"2026-02-05T11:17:33-05:00\">February 5, 2026<\/time><\/span><\/div><\/div>\t\t\t\t<\/div>\n\t\t\t\t<\/div>\n\t\t\t\t<div class=\"elementor-element elementor-element-aab35e3 elementor-widget elementor-widget-heading\" data-id=\"aab35e3\" data-element_type=\"widget\" data-widget_type=\"heading.default\">\n\t\t\t\t<div class=\"elementor-widget-container\">\n\t\t\t\t\t<h2 class=\"elementor-heading-title elementor-size-default\">Is your company prepared to comply with the new obligations required by ecological restoration and tree planting programmes in Colombia?<\/h2>\t\t\t\t<\/div>\n\t\t\t\t<\/div>\n\t\t\t\t<div class=\"elementor-element elementor-element-bfc03ad elementor-hidden-mobile elementor-widget elementor-widget-jet-listing-dynamic-field\" data-id=\"bfc03ad\" data-element_type=\"widget\" data-widget_type=\"jet-listing-dynamic-field.default\">\n\t\t\t\t<div class=\"elementor-widget-container\">\n\t\t\t\t\t<div class=\"jet-listing jet-listing-dynamic-field display-inline\"><div class=\"jet-listing-dynamic-field__inline-wrap\"><div class=\"jet-listing-dynamic-field__content\">En Colombia, a partir de la promulgaci\u00f3n de la Ley 2173 de 2021, la cual fue reglamentada mediante la Resoluci\u00f3n 1491 de 2025, se establecieron obligaciones claras y exigibles para...<\/div><\/div><\/div>\t\t\t\t<\/div>\n\t\t\t\t<\/div>\n\t\t\t\t<div class=\"elementor-element elementor-element-ab8a940 elementor-align-right elementor-widget elementor-widget-raven-button\" data-id=\"ab8a940\" data-element_type=\"widget\" data-settings=\"{&quot;turn_to_popup_action_button&quot;:&quot;no&quot;}\" data-widget_type=\"raven-button.default\">\n\t\t\t\t<div class=\"elementor-widget-container\">\n\t\t\t\t\t\t\t<div class=\"raven-widget-wrapper\">\r\n\t\t\t<a class=\"raven-button raven-button-widget-normal-effect-none elementor-button raven-button-text-align-right raven-button-link elementor-animation-none\" href=\"#\">\t\t\t\t<div class=\"raven-button-overlay\" ><\/div>\r\n\t\t\t\t<span class=\"raven-button-content\">\r\n\t\t\t\t\t\r\n\t\t\t\t\t<div class=\"button-text-container\">\r\n\t\t\t\t\t\t\t\t\t\t\t\t<div class=\"raven-button-texts-wrapper\">\r\n\t\t\t\t\t\t\t<div class=\"button-text\">\r\n\t\t\t\t\t\t\t\t<span class=\"raven-button-text\">\r\n\t\t\t\t\t\t\t\t\tREAD MORE \t\t\t\t\t\t\t\t<\/span>\r\n\t\t\t\t\t\t\t<\/div>\r\n\t\t\t\t\t\t\t\t\t\t\t\t\t<\/div>\r\n\t\t\t\t\t\t\t\t\t\t\t<\/div>\r\n\t\t\t\t\t\r\n\t\t\t\t\t\t\t\t\t<\/span>\r\n\t\t\t<\/a>\t\t<\/div>\r\n\t\t\t\t\t\t<\/div>\n\t\t\t\t<\/div>\n\t\t\t\t<\/div>\n\t\t\t\t\t<\/div>\n\t\t\t\t<\/div>\n\t\t\t\t<\/div>\n\t\t<a href=\"https:\/\/mtalegal.co\/en\/su-empresa-esta-preparada-para-cumplir-con-las-nuevas-obligaciones-que-exigen-programas-de-restauracion-ecologica-y-siembra-de-arboles-en-colombia\/\" class=\"jet-engine-listing-overlay-link\"><\/a><\/div><\/div><div class=\"jet-listing-grid__item jet-listing-dynamic-post-1295\" data-post-id=\"1295\" ><div class=\"jet-engine-listing-overlay-wrap\" data-url=\"https:\/\/mtalegal.co\/en\/avances-del-proyecto-de-reforma-laboral-en-colombia\/\">\t\t<div data-elementor-type=\"jet-listing-items\" data-elementor-id=\"460\" class=\"elementor elementor-460\">\n\t\t\t\t<div class=\"elementor-element elementor-element-6b8cdfa e-flex e-con-boxed e-con e-parent\" data-id=\"6b8cdfa\" data-element_type=\"container\" data-settings=\"{&quot;jet_parallax_layout_list&quot;:[]}\">\n\t\t\t\t\t<div class=\"e-con-inner\">\n\t\t<div class=\"elementor-element elementor-element-5d41255 e-con-full e-flex e-con e-child\" data-id=\"5d41255\" data-element_type=\"container\" data-settings=\"{&quot;jet_parallax_layout_list&quot;:[]}\">\n\t\t\t\t<div class=\"elementor-element elementor-element-652ff55 elementor-widget elementor-widget-image\" data-id=\"652ff55\" data-element_type=\"widget\" data-widget_type=\"image.default\">\n\t\t\t\t<div class=\"elementor-widget-container\">\n\t\t\t\t\t\t\t\t\t\t\t\t\t\t\t<img decoding=\"async\" width=\"1024\" height=\"683\" src=\"https:\/\/mtalegal.co\/wp-content\/uploads\/2025\/02\/robotics-engineer-working-on-maintenance-of-roboti-2025-02-03-10-00-04-utc-min-1024x683.png\" class=\"attachment-large size-large wp-image-1296\" alt=\"\" srcset=\"https:\/\/mtalegal.co\/wp-content\/uploads\/2025\/02\/robotics-engineer-working-on-maintenance-of-roboti-2025-02-03-10-00-04-utc-min-1024x683.png 1024w, https:\/\/mtalegal.co\/wp-content\/uploads\/2025\/02\/robotics-engineer-working-on-maintenance-of-roboti-2025-02-03-10-00-04-utc-min-300x200.png 300w, https:\/\/mtalegal.co\/wp-content\/uploads\/2025\/02\/robotics-engineer-working-on-maintenance-of-roboti-2025-02-03-10-00-04-utc-min-768x512.png 768w, https:\/\/mtalegal.co\/wp-content\/uploads\/2025\/02\/robotics-engineer-working-on-maintenance-of-roboti-2025-02-03-10-00-04-utc-min-1536x1024.png 1536w, https:\/\/mtalegal.co\/wp-content\/uploads\/2025\/02\/robotics-engineer-working-on-maintenance-of-roboti-2025-02-03-10-00-04-utc-min-2048x1366.png 2048w, https:\/\/mtalegal.co\/wp-content\/uploads\/2025\/02\/robotics-engineer-working-on-maintenance-of-roboti-2025-02-03-10-00-04-utc-min-18x12.png 18w\" sizes=\"(max-width: 1024px) 100vw, 1024px\" \/>\t\t\t\t\t\t\t\t\t\t\t\t\t\t\t<\/div>\n\t\t\t\t<\/div>\n\t\t\t\t<\/div>\n\t\t<div class=\"elementor-element elementor-element-721331b e-con-full e-flex e-con e-child\" data-id=\"721331b\" data-element_type=\"container\" data-settings=\"{&quot;jet_parallax_layout_list&quot;:[]}\">\n\t\t\t\t<div class=\"elementor-element elementor-element-d56ab7f elementor-widget elementor-widget-jet-listing-dynamic-meta\" data-id=\"d56ab7f\" data-element_type=\"widget\" data-widget_type=\"jet-listing-dynamic-meta.default\">\n\t\t\t\t<div class=\"elementor-widget-container\">\n\t\t\t\t\t<div class=\"jet-listing jet-listing-dynamic-meta meta-layout-inline\"><div class=\"jet-listing-dynamic-meta__date jet-listing-dynamic-meta__item\"><span class=\"jet-listing-dynamic-meta__item-val\"><time datetime=\"2025-02-27T08:28:21-05:00\">February 27, 2025<\/time><\/span><\/div><\/div>\t\t\t\t<\/div>\n\t\t\t\t<\/div>\n\t\t\t\t<div class=\"elementor-element elementor-element-aab35e3 elementor-widget elementor-widget-heading\" data-id=\"aab35e3\" data-element_type=\"widget\" data-widget_type=\"heading.default\">\n\t\t\t\t<div class=\"elementor-widget-container\">\n\t\t\t\t\t<h2 class=\"elementor-heading-title elementor-size-default\">Progress of the Labor Reform Bill in Colombia<\/h2>\t\t\t\t<\/div>\n\t\t\t\t<\/div>\n\t\t\t\t<div class=\"elementor-element elementor-element-bfc03ad elementor-hidden-mobile elementor-widget elementor-widget-jet-listing-dynamic-field\" data-id=\"bfc03ad\" data-element_type=\"widget\" data-widget_type=\"jet-listing-dynamic-field.default\">\n\t\t\t\t<div class=\"elementor-widget-container\">\n\t\t\t\t\t<div class=\"jet-listing jet-listing-dynamic-field display-inline\"><div class=\"jet-listing-dynamic-field__inline-wrap\"><div class=\"jet-listing-dynamic-field__content\">Escrito por: Alejandra Vidaurre Tugues El proyecto de reforma laboral ha superado una etapa clave con su aprobaci\u00f3n en la C\u00e1mara de Representantes, marcando un avance significativo en su tr\u00e1mite...<\/div><\/div><\/div>\t\t\t\t<\/div>\n\t\t\t\t<\/div>\n\t\t\t\t<div class=\"elementor-element elementor-element-ab8a940 elementor-align-right elementor-widget elementor-widget-raven-button\" data-id=\"ab8a940\" data-element_type=\"widget\" data-settings=\"{&quot;turn_to_popup_action_button&quot;:&quot;no&quot;}\" data-widget_type=\"raven-button.default\">\n\t\t\t\t<div class=\"elementor-widget-container\">\n\t\t\t\t\t\t\t<div class=\"raven-widget-wrapper\">\r\n\t\t\t<a class=\"raven-button raven-button-widget-normal-effect-none elementor-button raven-button-text-align-right raven-button-link elementor-animation-none\" href=\"#\">\t\t\t\t<div class=\"raven-button-overlay\" ><\/div>\r\n\t\t\t\t<span class=\"raven-button-content\">\r\n\t\t\t\t\t\r\n\t\t\t\t\t<div class=\"button-text-container\">\r\n\t\t\t\t\t\t\t\t\t\t\t\t<div class=\"raven-button-texts-wrapper\">\r\n\t\t\t\t\t\t\t<div class=\"button-text\">\r\n\t\t\t\t\t\t\t\t<span class=\"raven-button-text\">\r\n\t\t\t\t\t\t\t\t\tREAD MORE \t\t\t\t\t\t\t\t<\/span>\r\n\t\t\t\t\t\t\t<\/div>\r\n\t\t\t\t\t\t\t\t\t\t\t\t\t<\/div>\r\n\t\t\t\t\t\t\t\t\t\t\t<\/div>\r\n\t\t\t\t\t\r\n\t\t\t\t\t\t\t\t\t<\/span>\r\n\t\t\t<\/a>\t\t<\/div>\r\n\t\t\t\t\t\t<\/div>\n\t\t\t\t<\/div>\n\t\t\t\t<\/div>\n\t\t\t\t\t<\/div>\n\t\t\t\t<\/div>\n\t\t\t\t<\/div>\n\t\t<a href=\"https:\/\/mtalegal.co\/en\/avances-del-proyecto-de-reforma-laboral-en-colombia\/\" class=\"jet-engine-listing-overlay-link\"><\/a><\/div><\/div><div class=\"jet-listing-grid__item jet-listing-dynamic-post-1300\" data-post-id=\"1300\" ><div class=\"jet-engine-listing-overlay-wrap\" data-url=\"https:\/\/mtalegal.co\/en\/la-importancia-de-los-miembros-independientes-de-una-junta-directiva\/\">\t\t<div data-elementor-type=\"jet-listing-items\" data-elementor-id=\"460\" class=\"elementor elementor-460\">\n\t\t\t\t<div class=\"elementor-element elementor-element-6b8cdfa e-flex e-con-boxed e-con e-parent\" data-id=\"6b8cdfa\" data-element_type=\"container\" data-settings=\"{&quot;jet_parallax_layout_list&quot;:[]}\">\n\t\t\t\t\t<div class=\"e-con-inner\">\n\t\t<div class=\"elementor-element elementor-element-5d41255 e-con-full e-flex e-con e-child\" data-id=\"5d41255\" data-element_type=\"container\" data-settings=\"{&quot;jet_parallax_layout_list&quot;:[]}\">\n\t\t\t\t<div class=\"elementor-element elementor-element-652ff55 elementor-widget elementor-widget-image\" data-id=\"652ff55\" data-element_type=\"widget\" data-widget_type=\"image.default\">\n\t\t\t\t<div class=\"elementor-widget-container\">\n\t\t\t\t\t\t\t\t\t\t\t\t\t\t\t<img decoding=\"async\" width=\"1024\" height=\"683\" src=\"https:\/\/mtalegal.co\/wp-content\/uploads\/2025\/02\/a-group-of-successful-afro-americans-europeans-a-2024-10-31-02-37-26-utc-min-1024x683.png\" class=\"attachment-large size-large wp-image-1297\" alt=\"\" srcset=\"https:\/\/mtalegal.co\/wp-content\/uploads\/2025\/02\/a-group-of-successful-afro-americans-europeans-a-2024-10-31-02-37-26-utc-min-1024x683.png 1024w, https:\/\/mtalegal.co\/wp-content\/uploads\/2025\/02\/a-group-of-successful-afro-americans-europeans-a-2024-10-31-02-37-26-utc-min-300x200.png 300w, https:\/\/mtalegal.co\/wp-content\/uploads\/2025\/02\/a-group-of-successful-afro-americans-europeans-a-2024-10-31-02-37-26-utc-min-768x512.png 768w, https:\/\/mtalegal.co\/wp-content\/uploads\/2025\/02\/a-group-of-successful-afro-americans-europeans-a-2024-10-31-02-37-26-utc-min-1536x1024.png 1536w, https:\/\/mtalegal.co\/wp-content\/uploads\/2025\/02\/a-group-of-successful-afro-americans-europeans-a-2024-10-31-02-37-26-utc-min-2048x1366.png 2048w, https:\/\/mtalegal.co\/wp-content\/uploads\/2025\/02\/a-group-of-successful-afro-americans-europeans-a-2024-10-31-02-37-26-utc-min-18x12.png 18w\" sizes=\"(max-width: 1024px) 100vw, 1024px\" \/>\t\t\t\t\t\t\t\t\t\t\t\t\t\t\t<\/div>\n\t\t\t\t<\/div>\n\t\t\t\t<\/div>\n\t\t<div class=\"elementor-element elementor-element-721331b e-con-full e-flex e-con e-child\" data-id=\"721331b\" data-element_type=\"container\" data-settings=\"{&quot;jet_parallax_layout_list&quot;:[]}\">\n\t\t\t\t<div class=\"elementor-element elementor-element-d56ab7f elementor-widget elementor-widget-jet-listing-dynamic-meta\" data-id=\"d56ab7f\" data-element_type=\"widget\" data-widget_type=\"jet-listing-dynamic-meta.default\">\n\t\t\t\t<div class=\"elementor-widget-container\">\n\t\t\t\t\t<div class=\"jet-listing jet-listing-dynamic-meta meta-layout-inline\"><div class=\"jet-listing-dynamic-meta__date jet-listing-dynamic-meta__item\"><span class=\"jet-listing-dynamic-meta__item-val\"><time datetime=\"2024-12-05T08:32:00-05:00\">December 5, 2024<\/time><\/span><\/div><\/div>\t\t\t\t<\/div>\n\t\t\t\t<\/div>\n\t\t\t\t<div class=\"elementor-element elementor-element-aab35e3 elementor-widget elementor-widget-heading\" data-id=\"aab35e3\" data-element_type=\"widget\" data-widget_type=\"heading.default\">\n\t\t\t\t<div class=\"elementor-widget-container\">\n\t\t\t\t\t<h2 class=\"elementor-heading-title elementor-size-default\">The Importance of Independent Board Members<\/h2>\t\t\t\t<\/div>\n\t\t\t\t<\/div>\n\t\t\t\t<div class=\"elementor-element elementor-element-bfc03ad elementor-hidden-mobile elementor-widget elementor-widget-jet-listing-dynamic-field\" data-id=\"bfc03ad\" data-element_type=\"widget\" data-widget_type=\"jet-listing-dynamic-field.default\">\n\t\t\t\t<div class=\"elementor-widget-container\">\n\t\t\t\t\t<div class=\"jet-listing jet-listing-dynamic-field display-inline\"><div class=\"jet-listing-dynamic-field__inline-wrap\"><div class=\"jet-listing-dynamic-field__content\">Escrito por: Valentina Ortega Prieto Los miembros de la junta directiva son elegidos por la asamblea general de accionistas y, en conjunto, conforman el \u00f3rgano administrativo de la sociedad. Este,...<\/div><\/div><\/div>\t\t\t\t<\/div>\n\t\t\t\t<\/div>\n\t\t\t\t<div class=\"elementor-element elementor-element-ab8a940 elementor-align-right elementor-widget elementor-widget-raven-button\" data-id=\"ab8a940\" data-element_type=\"widget\" data-settings=\"{&quot;turn_to_popup_action_button&quot;:&quot;no&quot;}\" data-widget_type=\"raven-button.default\">\n\t\t\t\t<div class=\"elementor-widget-container\">\n\t\t\t\t\t\t\t<div class=\"raven-widget-wrapper\">\r\n\t\t\t<a class=\"raven-button raven-button-widget-normal-effect-none elementor-button raven-button-text-align-right raven-button-link elementor-animation-none\" href=\"#\">\t\t\t\t<div class=\"raven-button-overlay\" ><\/div>\r\n\t\t\t\t<span class=\"raven-button-content\">\r\n\t\t\t\t\t\r\n\t\t\t\t\t<div class=\"button-text-container\">\r\n\t\t\t\t\t\t\t\t\t\t\t\t<div class=\"raven-button-texts-wrapper\">\r\n\t\t\t\t\t\t\t<div class=\"button-text\">\r\n\t\t\t\t\t\t\t\t<span class=\"raven-button-text\">\r\n\t\t\t\t\t\t\t\t\tREAD MORE \t\t\t\t\t\t\t\t<\/span>\r\n\t\t\t\t\t\t\t<\/div>\r\n\t\t\t\t\t\t\t\t\t\t\t\t\t<\/div>\r\n\t\t\t\t\t\t\t\t\t\t\t<\/div>\r\n\t\t\t\t\t\r\n\t\t\t\t\t\t\t\t\t<\/span>\r\n\t\t\t<\/a>\t\t<\/div>\r\n\t\t\t\t\t\t<\/div>\n\t\t\t\t<\/div>\n\t\t\t\t<\/div>\n\t\t\t\t\t<\/div>\n\t\t\t\t<\/div>\n\t\t\t\t<\/div>\n\t\t<a href=\"https:\/\/mtalegal.co\/en\/la-importancia-de-los-miembros-independientes-de-una-junta-directiva\/\" class=\"jet-engine-listing-overlay-link\"><\/a><\/div><\/div><div class=\"jet-listing-grid__item jet-listing-dynamic-post-1302\" data-post-id=\"1302\" ><div class=\"jet-engine-listing-overlay-wrap\" data-url=\"https:\/\/mtalegal.co\/en\/la-importancia-del-respeto-al-estado-de-derecho\/\">\t\t<div data-elementor-type=\"jet-listing-items\" data-elementor-id=\"460\" class=\"elementor elementor-460\">\n\t\t\t\t<div class=\"elementor-element elementor-element-6b8cdfa e-flex e-con-boxed e-con e-parent\" data-id=\"6b8cdfa\" data-element_type=\"container\" data-settings=\"{&quot;jet_parallax_layout_list&quot;:[]}\">\n\t\t\t\t\t<div class=\"e-con-inner\">\n\t\t<div class=\"elementor-element elementor-element-5d41255 e-con-full e-flex e-con e-child\" data-id=\"5d41255\" data-element_type=\"container\" data-settings=\"{&quot;jet_parallax_layout_list&quot;:[]}\">\n\t\t\t\t<div class=\"elementor-element elementor-element-652ff55 elementor-widget elementor-widget-image\" data-id=\"652ff55\" data-element_type=\"widget\" data-widget_type=\"image.default\">\n\t\t\t\t<div class=\"elementor-widget-container\">\n\t\t\t\t\t\t\t\t\t\t\t\t\t\t\t<img loading=\"lazy\" decoding=\"async\" width=\"1024\" height=\"683\" src=\"https:\/\/mtalegal.co\/wp-content\/uploads\/2025\/02\/v1-min-1024x683.png\" class=\"attachment-large size-large wp-image-1303\" alt=\"\" srcset=\"https:\/\/mtalegal.co\/wp-content\/uploads\/2025\/02\/v1-min-1024x683.png 1024w, https:\/\/mtalegal.co\/wp-content\/uploads\/2025\/02\/v1-min-300x200.png 300w, https:\/\/mtalegal.co\/wp-content\/uploads\/2025\/02\/v1-min-768x512.png 768w, https:\/\/mtalegal.co\/wp-content\/uploads\/2025\/02\/v1-min-1536x1024.png 1536w, https:\/\/mtalegal.co\/wp-content\/uploads\/2025\/02\/v1-min-18x12.png 18w, https:\/\/mtalegal.co\/wp-content\/uploads\/2025\/02\/v1-min.png 1800w\" sizes=\"(max-width: 1024px) 100vw, 1024px\" \/>\t\t\t\t\t\t\t\t\t\t\t\t\t\t\t<\/div>\n\t\t\t\t<\/div>\n\t\t\t\t<\/div>\n\t\t<div class=\"elementor-element elementor-element-721331b e-con-full e-flex e-con e-child\" data-id=\"721331b\" data-element_type=\"container\" data-settings=\"{&quot;jet_parallax_layout_list&quot;:[]}\">\n\t\t\t\t<div class=\"elementor-element elementor-element-d56ab7f elementor-widget elementor-widget-jet-listing-dynamic-meta\" data-id=\"d56ab7f\" data-element_type=\"widget\" data-widget_type=\"jet-listing-dynamic-meta.default\">\n\t\t\t\t<div class=\"elementor-widget-container\">\n\t\t\t\t\t<div class=\"jet-listing jet-listing-dynamic-meta meta-layout-inline\"><div class=\"jet-listing-dynamic-meta__date jet-listing-dynamic-meta__item\"><span class=\"jet-listing-dynamic-meta__item-val\"><time datetime=\"2024-10-10T08:34:00-05:00\">October 10, 2024<\/time><\/span><\/div><\/div>\t\t\t\t<\/div>\n\t\t\t\t<\/div>\n\t\t\t\t<div class=\"elementor-element elementor-element-aab35e3 elementor-widget elementor-widget-heading\" data-id=\"aab35e3\" data-element_type=\"widget\" data-widget_type=\"heading.default\">\n\t\t\t\t<div class=\"elementor-widget-container\">\n\t\t\t\t\t<h2 class=\"elementor-heading-title elementor-size-default\">La importancia del respeto al estado de Derecho<\/h2>\t\t\t\t<\/div>\n\t\t\t\t<\/div>\n\t\t\t\t<div class=\"elementor-element elementor-element-bfc03ad elementor-hidden-mobile elementor-widget elementor-widget-jet-listing-dynamic-field\" data-id=\"bfc03ad\" data-element_type=\"widget\" data-widget_type=\"jet-listing-dynamic-field.default\">\n\t\t\t\t<div class=\"elementor-widget-container\">\n\t\t\t\t\t<div class=\"jet-listing jet-listing-dynamic-field display-inline\"><div class=\"jet-listing-dynamic-field__inline-wrap\"><div class=\"jet-listing-dynamic-field__content\">La International Bar Association (IBA), la organizaci\u00f3n jur\u00eddica m\u00e1s importante del mundo, acaba de publicar el primer estudio sobre el impacto de la industria de servicios legales en el mundo....<\/div><\/div><\/div>\t\t\t\t<\/div>\n\t\t\t\t<\/div>\n\t\t\t\t<div class=\"elementor-element elementor-element-ab8a940 elementor-align-right elementor-widget elementor-widget-raven-button\" data-id=\"ab8a940\" data-element_type=\"widget\" data-settings=\"{&quot;turn_to_popup_action_button&quot;:&quot;no&quot;}\" data-widget_type=\"raven-button.default\">\n\t\t\t\t<div class=\"elementor-widget-container\">\n\t\t\t\t\t\t\t<div class=\"raven-widget-wrapper\">\r\n\t\t\t<a class=\"raven-button raven-button-widget-normal-effect-none elementor-button raven-button-text-align-right raven-button-link elementor-animation-none\" href=\"#\">\t\t\t\t<div class=\"raven-button-overlay\" ><\/div>\r\n\t\t\t\t<span class=\"raven-button-content\">\r\n\t\t\t\t\t\r\n\t\t\t\t\t<div class=\"button-text-container\">\r\n\t\t\t\t\t\t\t\t\t\t\t\t<div class=\"raven-button-texts-wrapper\">\r\n\t\t\t\t\t\t\t<div class=\"button-text\">\r\n\t\t\t\t\t\t\t\t<span class=\"raven-button-text\">\r\n\t\t\t\t\t\t\t\t\tREAD MORE \t\t\t\t\t\t\t\t<\/span>\r\n\t\t\t\t\t\t\t<\/div>\r\n\t\t\t\t\t\t\t\t\t\t\t\t\t<\/div>\r\n\t\t\t\t\t\t\t\t\t\t\t<\/div>\r\n\t\t\t\t\t\r\n\t\t\t\t\t\t\t\t\t<\/span>\r\n\t\t\t<\/a>\t\t<\/div>\r\n\t\t\t\t\t\t<\/div>\n\t\t\t\t<\/div>\n\t\t\t\t<\/div>\n\t\t\t\t\t<\/div>\n\t\t\t\t<\/div>\n\t\t\t\t<\/div>\n\t\t<a href=\"https:\/\/mtalegal.co\/en\/la-importancia-del-respeto-al-estado-de-derecho\/\" class=\"jet-engine-listing-overlay-link\"><\/a><\/div><\/div><div class=\"jet-listing-grid__item jet-listing-dynamic-post-1305\" data-post-id=\"1305\" ><div class=\"jet-engine-listing-overlay-wrap\" data-url=\"https:\/\/mtalegal.co\/en\/el-camino-a-la-gestion-integral-de-los-residuos-solidos-especiales\/\">\t\t<div data-elementor-type=\"jet-listing-items\" data-elementor-id=\"460\" class=\"elementor elementor-460\">\n\t\t\t\t<div class=\"elementor-element elementor-element-6b8cdfa e-flex e-con-boxed e-con e-parent\" data-id=\"6b8cdfa\" data-element_type=\"container\" data-settings=\"{&quot;jet_parallax_layout_list&quot;:[]}\">\n\t\t\t\t\t<div class=\"e-con-inner\">\n\t\t<div class=\"elementor-element elementor-element-5d41255 e-con-full e-flex e-con e-child\" data-id=\"5d41255\" data-element_type=\"container\" data-settings=\"{&quot;jet_parallax_layout_list&quot;:[]}\">\n\t\t\t\t<div class=\"elementor-element elementor-element-652ff55 elementor-widget elementor-widget-image\" data-id=\"652ff55\" data-element_type=\"widget\" data-widget_type=\"image.default\">\n\t\t\t\t<div class=\"elementor-widget-container\">\n\t\t\t\t\t\t\t\t\t\t\t\t\t\t\t<img loading=\"lazy\" decoding=\"async\" width=\"1024\" height=\"717\" src=\"https:\/\/mtalegal.co\/wp-content\/uploads\/2025\/02\/El-camino-a-la-gestion-integral-de-los-Residuos-Solidos-Especiales-1024x717.png\" class=\"attachment-large size-large wp-image-1306\" alt=\"\" srcset=\"https:\/\/mtalegal.co\/wp-content\/uploads\/2025\/02\/El-camino-a-la-gestion-integral-de-los-Residuos-Solidos-Especiales-1024x717.png 1024w, https:\/\/mtalegal.co\/wp-content\/uploads\/2025\/02\/El-camino-a-la-gestion-integral-de-los-Residuos-Solidos-Especiales-300x210.png 300w, https:\/\/mtalegal.co\/wp-content\/uploads\/2025\/02\/El-camino-a-la-gestion-integral-de-los-Residuos-Solidos-Especiales-768x538.png 768w, https:\/\/mtalegal.co\/wp-content\/uploads\/2025\/02\/El-camino-a-la-gestion-integral-de-los-Residuos-Solidos-Especiales-1536x1075.png 1536w, https:\/\/mtalegal.co\/wp-content\/uploads\/2025\/02\/El-camino-a-la-gestion-integral-de-los-Residuos-Solidos-Especiales-18x12.png 18w, https:\/\/mtalegal.co\/wp-content\/uploads\/2025\/02\/El-camino-a-la-gestion-integral-de-los-Residuos-Solidos-Especiales.png 1800w\" sizes=\"(max-width: 1024px) 100vw, 1024px\" \/>\t\t\t\t\t\t\t\t\t\t\t\t\t\t\t<\/div>\n\t\t\t\t<\/div>\n\t\t\t\t<\/div>\n\t\t<div class=\"elementor-element elementor-element-721331b e-con-full e-flex e-con e-child\" data-id=\"721331b\" data-element_type=\"container\" data-settings=\"{&quot;jet_parallax_layout_list&quot;:[]}\">\n\t\t\t\t<div class=\"elementor-element elementor-element-d56ab7f elementor-widget elementor-widget-jet-listing-dynamic-meta\" data-id=\"d56ab7f\" data-element_type=\"widget\" data-widget_type=\"jet-listing-dynamic-meta.default\">\n\t\t\t\t<div class=\"elementor-widget-container\">\n\t\t\t\t\t<div class=\"jet-listing jet-listing-dynamic-meta meta-layout-inline\"><div class=\"jet-listing-dynamic-meta__date jet-listing-dynamic-meta__item\"><span class=\"jet-listing-dynamic-meta__item-val\"><time datetime=\"2024-09-24T08:39:00-05:00\">September 24, 2024<\/time><\/span><\/div><\/div>\t\t\t\t<\/div>\n\t\t\t\t<\/div>\n\t\t\t\t<div class=\"elementor-element elementor-element-aab35e3 elementor-widget elementor-widget-heading\" data-id=\"aab35e3\" data-element_type=\"widget\" data-widget_type=\"heading.default\">\n\t\t\t\t<div class=\"elementor-widget-container\">\n\t\t\t\t\t<h2 class=\"elementor-heading-title elementor-size-default\">El camino a la gesti\u00f3n integral de los Residuos S\u00f3lidos Especiales<\/h2>\t\t\t\t<\/div>\n\t\t\t\t<\/div>\n\t\t\t\t<div class=\"elementor-element elementor-element-bfc03ad elementor-hidden-mobile elementor-widget elementor-widget-jet-listing-dynamic-field\" data-id=\"bfc03ad\" data-element_type=\"widget\" data-widget_type=\"jet-listing-dynamic-field.default\">\n\t\t\t\t<div class=\"elementor-widget-container\">\n\t\t\t\t\t<div class=\"jet-listing jet-listing-dynamic-field display-inline\"><div class=\"jet-listing-dynamic-field__inline-wrap\"><div class=\"jet-listing-dynamic-field__content\">El 19 de septiembre de 2023 se radic\u00f3 ante la secretar\u00eda del Senado de la Rep\u00fablica el proyecto de ley No. 148 cuyo objeto es el de regular lo relacionado...<\/div><\/div><\/div>\t\t\t\t<\/div>\n\t\t\t\t<\/div>\n\t\t\t\t<div class=\"elementor-element elementor-element-ab8a940 elementor-align-right elementor-widget elementor-widget-raven-button\" data-id=\"ab8a940\" data-element_type=\"widget\" data-settings=\"{&quot;turn_to_popup_action_button&quot;:&quot;no&quot;}\" data-widget_type=\"raven-button.default\">\n\t\t\t\t<div class=\"elementor-widget-container\">\n\t\t\t\t\t\t\t<div class=\"raven-widget-wrapper\">\r\n\t\t\t<a class=\"raven-button raven-button-widget-normal-effect-none elementor-button raven-button-text-align-right raven-button-link elementor-animation-none\" href=\"#\">\t\t\t\t<div class=\"raven-button-overlay\" ><\/div>\r\n\t\t\t\t<span class=\"raven-button-content\">\r\n\t\t\t\t\t\r\n\t\t\t\t\t<div class=\"button-text-container\">\r\n\t\t\t\t\t\t\t\t\t\t\t\t<div class=\"raven-button-texts-wrapper\">\r\n\t\t\t\t\t\t\t<div class=\"button-text\">\r\n\t\t\t\t\t\t\t\t<span class=\"raven-button-text\">\r\n\t\t\t\t\t\t\t\t\tREAD MORE \t\t\t\t\t\t\t\t<\/span>\r\n\t\t\t\t\t\t\t<\/div>\r\n\t\t\t\t\t\t\t\t\t\t\t\t\t<\/div>\r\n\t\t\t\t\t\t\t\t\t\t\t<\/div>\r\n\t\t\t\t\t\r\n\t\t\t\t\t\t\t\t\t<\/span>\r\n\t\t\t<\/a>\t\t<\/div>\r\n\t\t\t\t\t\t<\/div>\n\t\t\t\t<\/div>\n\t\t\t\t<\/div>\n\t\t\t\t\t<\/div>\n\t\t\t\t<\/div>\n\t\t\t\t<\/div>\n\t\t<a href=\"https:\/\/mtalegal.co\/en\/el-camino-a-la-gestion-integral-de-los-residuos-solidos-especiales\/\" class=\"jet-engine-listing-overlay-link\"><\/a><\/div><\/div><div class=\"jet-listing-grid__item jet-listing-dynamic-post-1313\" data-post-id=\"1313\" ><div class=\"jet-engine-listing-overlay-wrap\" data-url=\"https:\/\/mtalegal.co\/en\/limites-de-la-tasa-de-interes-de-creditos-en-moneda-extranjera\/\">\t\t<div data-elementor-type=\"jet-listing-items\" data-elementor-id=\"460\" class=\"elementor elementor-460\">\n\t\t\t\t<div class=\"elementor-element elementor-element-6b8cdfa e-flex e-con-boxed e-con e-parent\" data-id=\"6b8cdfa\" data-element_type=\"container\" data-settings=\"{&quot;jet_parallax_layout_list&quot;:[]}\">\n\t\t\t\t\t<div class=\"e-con-inner\">\n\t\t<div class=\"elementor-element elementor-element-5d41255 e-con-full e-flex e-con e-child\" data-id=\"5d41255\" data-element_type=\"container\" data-settings=\"{&quot;jet_parallax_layout_list&quot;:[]}\">\n\t\t\t\t<div class=\"elementor-element elementor-element-652ff55 elementor-widget elementor-widget-image\" data-id=\"652ff55\" data-element_type=\"widget\" data-widget_type=\"image.default\">\n\t\t\t\t<div class=\"elementor-widget-container\">\n\t\t\t\t\t\t\t\t\t\t\t\t\t\t\t<img loading=\"lazy\" decoding=\"async\" width=\"1024\" height=\"717\" src=\"https:\/\/mtalegal.co\/wp-content\/uploads\/2025\/02\/Limites-de-la-tasa-de-interes-de-creditos-en-moneda-extranjera-1024x717.png\" class=\"attachment-large size-large wp-image-1311\" alt=\"\" srcset=\"https:\/\/mtalegal.co\/wp-content\/uploads\/2025\/02\/Limites-de-la-tasa-de-interes-de-creditos-en-moneda-extranjera-1024x717.png 1024w, https:\/\/mtalegal.co\/wp-content\/uploads\/2025\/02\/Limites-de-la-tasa-de-interes-de-creditos-en-moneda-extranjera-300x210.png 300w, https:\/\/mtalegal.co\/wp-content\/uploads\/2025\/02\/Limites-de-la-tasa-de-interes-de-creditos-en-moneda-extranjera-768x538.png 768w, https:\/\/mtalegal.co\/wp-content\/uploads\/2025\/02\/Limites-de-la-tasa-de-interes-de-creditos-en-moneda-extranjera-1536x1075.png 1536w, https:\/\/mtalegal.co\/wp-content\/uploads\/2025\/02\/Limites-de-la-tasa-de-interes-de-creditos-en-moneda-extranjera-18x12.png 18w, https:\/\/mtalegal.co\/wp-content\/uploads\/2025\/02\/Limites-de-la-tasa-de-interes-de-creditos-en-moneda-extranjera.png 1800w\" sizes=\"(max-width: 1024px) 100vw, 1024px\" \/>\t\t\t\t\t\t\t\t\t\t\t\t\t\t\t<\/div>\n\t\t\t\t<\/div>\n\t\t\t\t<\/div>\n\t\t<div class=\"elementor-element elementor-element-721331b e-con-full e-flex e-con e-child\" data-id=\"721331b\" data-element_type=\"container\" data-settings=\"{&quot;jet_parallax_layout_list&quot;:[]}\">\n\t\t\t\t<div class=\"elementor-element elementor-element-d56ab7f elementor-widget elementor-widget-jet-listing-dynamic-meta\" data-id=\"d56ab7f\" data-element_type=\"widget\" data-widget_type=\"jet-listing-dynamic-meta.default\">\n\t\t\t\t<div class=\"elementor-widget-container\">\n\t\t\t\t\t<div class=\"jet-listing jet-listing-dynamic-meta meta-layout-inline\"><div class=\"jet-listing-dynamic-meta__date jet-listing-dynamic-meta__item\"><span class=\"jet-listing-dynamic-meta__item-val\"><time datetime=\"2024-09-18T08:43:00-05:00\">September 18, 2024<\/time><\/span><\/div><\/div>\t\t\t\t<\/div>\n\t\t\t\t<\/div>\n\t\t\t\t<div class=\"elementor-element elementor-element-aab35e3 elementor-widget elementor-widget-heading\" data-id=\"aab35e3\" data-element_type=\"widget\" data-widget_type=\"heading.default\">\n\t\t\t\t<div class=\"elementor-widget-container\">\n\t\t\t\t\t<h2 class=\"elementor-heading-title elementor-size-default\">L\u00edmites de la tasa de inter\u00e9s de cr\u00e9ditos en moneda extranjera<\/h2>\t\t\t\t<\/div>\n\t\t\t\t<\/div>\n\t\t\t\t<div class=\"elementor-element elementor-element-bfc03ad elementor-hidden-mobile elementor-widget elementor-widget-jet-listing-dynamic-field\" data-id=\"bfc03ad\" data-element_type=\"widget\" data-widget_type=\"jet-listing-dynamic-field.default\">\n\t\t\t\t<div class=\"elementor-widget-container\">\n\t\t\t\t\t<div class=\"jet-listing jet-listing-dynamic-field display-inline\"><div class=\"jet-listing-dynamic-field__inline-wrap\"><div class=\"jet-listing-dynamic-field__content\">La discusi\u00f3n sobre si existen l\u00edmites m\u00e1ximos a los intereses que pueden pactar residentes en Colombia (distintos de entidades p\u00fablicas) y entidades financieras del exterior al contraer pr\u00e9stamos denominados en...<\/div><\/div><\/div>\t\t\t\t<\/div>\n\t\t\t\t<\/div>\n\t\t\t\t<div class=\"elementor-element elementor-element-ab8a940 elementor-align-right elementor-widget elementor-widget-raven-button\" data-id=\"ab8a940\" data-element_type=\"widget\" data-settings=\"{&quot;turn_to_popup_action_button&quot;:&quot;no&quot;}\" data-widget_type=\"raven-button.default\">\n\t\t\t\t<div class=\"elementor-widget-container\">\n\t\t\t\t\t\t\t<div class=\"raven-widget-wrapper\">\r\n\t\t\t<a class=\"raven-button raven-button-widget-normal-effect-none elementor-button raven-button-text-align-right raven-button-link elementor-animation-none\" href=\"#\">\t\t\t\t<div class=\"raven-button-overlay\" ><\/div>\r\n\t\t\t\t<span class=\"raven-button-content\">\r\n\t\t\t\t\t\r\n\t\t\t\t\t<div class=\"button-text-container\">\r\n\t\t\t\t\t\t\t\t\t\t\t\t<div class=\"raven-button-texts-wrapper\">\r\n\t\t\t\t\t\t\t<div class=\"button-text\">\r\n\t\t\t\t\t\t\t\t<span class=\"raven-button-text\">\r\n\t\t\t\t\t\t\t\t\tREAD MORE \t\t\t\t\t\t\t\t<\/span>\r\n\t\t\t\t\t\t\t<\/div>\r\n\t\t\t\t\t\t\t\t\t\t\t\t\t<\/div>\r\n\t\t\t\t\t\t\t\t\t\t\t<\/div>\r\n\t\t\t\t\t\r\n\t\t\t\t\t\t\t\t\t<\/span>\r\n\t\t\t<\/a>\t\t<\/div>\r\n\t\t\t\t\t\t<\/div>\n\t\t\t\t<\/div>\n\t\t\t\t<\/div>\n\t\t\t\t\t<\/div>\n\t\t\t\t<\/div>\n\t\t\t\t<\/div>\n\t\t<a href=\"https:\/\/mtalegal.co\/en\/limites-de-la-tasa-de-interes-de-creditos-en-moneda-extranjera\/\" class=\"jet-engine-listing-overlay-link\"><\/a><\/div><\/div><\/div><\/div>\t\t\t\t<\/div>\n\t\t\t\t<\/div>\n\t\t\t\t<\/div>\n\t\t\t\t\t<\/div>\n\t\t\t\t<\/div>\n\t\t\t\t<\/div>","protected":false},"excerpt":{"rendered":"<p>De Inter\u00e9s Informaci\u00f3n actualizada sobre distintos asuntos legales en Colombia y el mundo. julio 22, 2024 En los \u00faltimos meses, el Cl\u00faster del Deporte ha tomado un nuevo impulso gracias a la colaboraci\u00f3n renovada entre la C\u00e1mara de Comercio de Bogot\u00e1 y el Instituto Distrital de Recreaci\u00f3n y Deporte (IDRD), junto con la inclusi\u00f3n de [&hellip;]<\/p>","protected":false},"author":1,"featured_media":0,"parent":0,"menu_order":0,"comment_status":"closed","ping_status":"closed","template":"","meta":{"_acf_changed":false,"footnotes":""},"class_list":["post-515","page","type-page","status-publish","hentry"],"acf":[],"yoast_head":"<!-- This site is optimized with the Yoast SEO plugin v25.2 - https:\/\/yoast.com\/wordpress\/plugins\/seo\/ -->\n<title>Noticias - Mu\u00f1oz Tamayo &amp; Asociados<\/title>\n<meta name=\"description\" content=\"Mantente informado con el blog de MTA Legal sobre novedades legales, an\u00e1lisis y consejos en derecho corporativo, laboral y comercial en Colombia.\" \/>\n<meta name=\"robots\" content=\"index, follow, max-snippet:-1, max-image-preview:large, max-video-preview:-1\" \/>\n<link rel=\"canonical\" href=\"https:\/\/mtalegal.co\/en\/noticias\/\" \/>\n<meta property=\"og:locale\" content=\"en_US\" \/>\n<meta property=\"og:type\" content=\"article\" \/>\n<meta property=\"og:title\" content=\"Noticias - Mu\u00f1oz Tamayo &amp; Asociados\" \/>\n<meta property=\"og:description\" content=\"Mantente informado con el blog de MTA Legal sobre novedades legales, an\u00e1lisis y consejos en derecho corporativo, laboral y comercial en Colombia.\" \/>\n<meta property=\"og:url\" content=\"https:\/\/mtalegal.co\/en\/noticias\/\" \/>\n<meta property=\"og:site_name\" content=\"Mu\u00f1oz Tamayo &amp; Asociados\" \/>\n<meta property=\"article:modified_time\" content=\"2025-06-09T15:59:27+00:00\" \/>\n<meta name=\"twitter:card\" content=\"summary_large_image\" \/>\n<meta name=\"twitter:label1\" content=\"Est. reading time\" \/>\n\t<meta name=\"twitter:data1\" content=\"3 minutes\" \/>\n<script type=\"application\/ld+json\" class=\"yoast-schema-graph\">{\"@context\":\"https:\/\/schema.org\",\"@graph\":[{\"@type\":\"WebPage\",\"@id\":\"https:\/\/mtalegal.co\/noticias\/\",\"url\":\"https:\/\/mtalegal.co\/noticias\/\",\"name\":\"Noticias - Mu\u00f1oz Tamayo &amp; Asociados\",\"isPartOf\":{\"@id\":\"https:\/\/mtalegal.co\/#website\"},\"datePublished\":\"2024-04-23T20:38:29+00:00\",\"dateModified\":\"2025-06-09T15:59:27+00:00\",\"description\":\"Mantente informado con el blog de MTA Legal sobre novedades legales, an\u00e1lisis y consejos en derecho corporativo, laboral y comercial en Colombia.\",\"breadcrumb\":{\"@id\":\"https:\/\/mtalegal.co\/noticias\/#breadcrumb\"},\"inLanguage\":\"en-US\",\"potentialAction\":[{\"@type\":\"ReadAction\",\"target\":[\"https:\/\/mtalegal.co\/noticias\/\"]}]},{\"@type\":\"BreadcrumbList\",\"@id\":\"https:\/\/mtalegal.co\/noticias\/#breadcrumb\",\"itemListElement\":[{\"@type\":\"ListItem\",\"position\":1,\"name\":\"Portada\",\"item\":\"https:\/\/mtalegal.co\/\"},{\"@type\":\"ListItem\",\"position\":2,\"name\":\"Noticias\"}]},{\"@type\":\"WebSite\",\"@id\":\"https:\/\/mtalegal.co\/#website\",\"url\":\"https:\/\/mtalegal.co\/\",\"name\":\"Mu\u00f1oz Tamayo & Asociados\",\"description\":\"Abogados\",\"publisher\":{\"@id\":\"https:\/\/mtalegal.co\/#organization\"},\"alternateName\":\"Mu\u00f1oz Tamayo & Asociados\",\"potentialAction\":[{\"@type\":\"SearchAction\",\"target\":{\"@type\":\"EntryPoint\",\"urlTemplate\":\"https:\/\/mtalegal.co\/?s={search_term_string}\"},\"query-input\":{\"@type\":\"PropertyValueSpecification\",\"valueRequired\":true,\"valueName\":\"search_term_string\"}}],\"inLanguage\":\"en-US\"},{\"@type\":\"Organization\",\"@id\":\"https:\/\/mtalegal.co\/#organization\",\"name\":\"Mu\u00f1oz Tamayo & Asociados\",\"url\":\"https:\/\/mtalegal.co\/\",\"logo\":{\"@type\":\"ImageObject\",\"inLanguage\":\"en-US\",\"@id\":\"https:\/\/mtalegal.co\/#\/schema\/logo\/image\/\",\"url\":\"https:\/\/mtalegal.co\/wp-content\/uploads\/2024\/02\/Grupo-9.svg\",\"contentUrl\":\"https:\/\/mtalegal.co\/wp-content\/uploads\/2024\/02\/Grupo-9.svg\",\"width\":536,\"height\":83,\"caption\":\"Mu\u00f1oz Tamayo & Asociados\"},\"image\":{\"@id\":\"https:\/\/mtalegal.co\/#\/schema\/logo\/image\/\"},\"sameAs\":[\"https:\/\/www.instagram.com\/mta_derecho_deportivo\/\",\"https:\/\/www.linkedin.com\/company\/munoz-tamayo-&-asociados-abogados\"]}]}<\/script>\n<!-- \/ Yoast SEO plugin. -->","yoast_head_json":{"title":"Noticias - Mu\u00f1oz Tamayo &amp; Asociados","description":"Mantente informado con el blog de MTA Legal sobre novedades legales, an\u00e1lisis y consejos en derecho corporativo, laboral y comercial en Colombia.","robots":{"index":"index","follow":"follow","max-snippet":"max-snippet:-1","max-image-preview":"max-image-preview:large","max-video-preview":"max-video-preview:-1"},"canonical":"https:\/\/mtalegal.co\/en\/noticias\/","og_locale":"en_US","og_type":"article","og_title":"Noticias - Mu\u00f1oz Tamayo &amp; Asociados","og_description":"Mantente informado con el blog de MTA Legal sobre novedades legales, an\u00e1lisis y consejos en derecho corporativo, laboral y comercial en Colombia.","og_url":"https:\/\/mtalegal.co\/en\/noticias\/","og_site_name":"Mu\u00f1oz Tamayo &amp; Asociados","article_modified_time":"2025-06-09T15:59:27+00:00","twitter_card":"summary_large_image","twitter_misc":{"Est. reading time":"3 minutes"},"schema":{"@context":"https:\/\/schema.org","@graph":[{"@type":"WebPage","@id":"https:\/\/mtalegal.co\/noticias\/","url":"https:\/\/mtalegal.co\/noticias\/","name":"Noticias - Mu\u00f1oz Tamayo &amp; Asociados","isPartOf":{"@id":"https:\/\/mtalegal.co\/#website"},"datePublished":"2024-04-23T20:38:29+00:00","dateModified":"2025-06-09T15:59:27+00:00","description":"Mantente informado con el blog de MTA Legal sobre novedades legales, an\u00e1lisis y consejos en derecho corporativo, laboral y comercial en Colombia.","breadcrumb":{"@id":"https:\/\/mtalegal.co\/noticias\/#breadcrumb"},"inLanguage":"en-US","potentialAction":[{"@type":"ReadAction","target":["https:\/\/mtalegal.co\/noticias\/"]}]},{"@type":"BreadcrumbList","@id":"https:\/\/mtalegal.co\/noticias\/#breadcrumb","itemListElement":[{"@type":"ListItem","position":1,"name":"Portada","item":"https:\/\/mtalegal.co\/"},{"@type":"ListItem","position":2,"name":"Noticias"}]},{"@type":"WebSite","@id":"https:\/\/mtalegal.co\/#website","url":"https:\/\/mtalegal.co\/","name":"Mu\u00f1oz Tamayo & Asociados","description":"Abogados","publisher":{"@id":"https:\/\/mtalegal.co\/#organization"},"alternateName":"Mu\u00f1oz Tamayo & Asociados","potentialAction":[{"@type":"SearchAction","target":{"@type":"EntryPoint","urlTemplate":"https:\/\/mtalegal.co\/?s={search_term_string}"},"query-input":{"@type":"PropertyValueSpecification","valueRequired":true,"valueName":"search_term_string"}}],"inLanguage":"en-US"},{"@type":"Organization","@id":"https:\/\/mtalegal.co\/#organization","name":"Mu\u00f1oz Tamayo & Asociados","url":"https:\/\/mtalegal.co\/","logo":{"@type":"ImageObject","inLanguage":"en-US","@id":"https:\/\/mtalegal.co\/#\/schema\/logo\/image\/","url":"https:\/\/mtalegal.co\/wp-content\/uploads\/2024\/02\/Grupo-9.svg","contentUrl":"https:\/\/mtalegal.co\/wp-content\/uploads\/2024\/02\/Grupo-9.svg","width":536,"height":83,"caption":"Mu\u00f1oz Tamayo & Asociados"},"image":{"@id":"https:\/\/mtalegal.co\/#\/schema\/logo\/image\/"},"sameAs":["https:\/\/www.instagram.com\/mta_derecho_deportivo\/","https:\/\/www.linkedin.com\/company\/munoz-tamayo-&-asociados-abogados"]}]}},"_links":{"self":[{"href":"https:\/\/mtalegal.co\/en\/wp-json\/wp\/v2\/pages\/515","targetHints":{"allow":["GET"]}}],"collection":[{"href":"https:\/\/mtalegal.co\/en\/wp-json\/wp\/v2\/pages"}],"about":[{"href":"https:\/\/mtalegal.co\/en\/wp-json\/wp\/v2\/types\/page"}],"author":[{"embeddable":true,"href":"https:\/\/mtalegal.co\/en\/wp-json\/wp\/v2\/users\/1"}],"replies":[{"embeddable":true,"href":"https:\/\/mtalegal.co\/en\/wp-json\/wp\/v2\/comments?post=515"}],"version-history":[{"count":22,"href":"https:\/\/mtalegal.co\/en\/wp-json\/wp\/v2\/pages\/515\/revisions"}],"predecessor-version":[{"id":950,"href":"https:\/\/mtalegal.co\/en\/wp-json\/wp\/v2\/pages\/515\/revisions\/950"}],"wp:attachment":[{"href":"https:\/\/mtalegal.co\/en\/wp-json\/wp\/v2\/media?parent=515"}],"curies":[{"name":"wp","href":"https:\/\/api.w.org\/{rel}","templated":true}]}}